{"id":696,"date":"2020-01-08T23:44:41","date_gmt":"2020-01-08T22:44:41","guid":{"rendered":"http:\/\/jabrzezinscy.pl\/?page_id=13"},"modified":"2025-11-04T22:28:11","modified_gmt":"2025-11-04T21:28:11","slug":"o-nas","status":"publish","type":"page","link":"https:\/\/jabrzezinscy.pl\/?page_id=696","title":{"rendered":"O nas"},"content":{"rendered":"\t\t<div data-elementor-type=\"wp-page\" data-elementor-id=\"696\" class=\"elementor elementor-696\">\n\t\t\t\t\t\t<section class=\"elementor-section elementor-top-section elementor-element elementor-element-1dbdf0d elementor-section-content-middle elementor-section-boxed elementor-section-height-default elementor-section-height-default\" data-id=\"1dbdf0d\" data-element_type=\"section\" data-e-type=\"section\">\n\t\t\t\t\t\t<div class=\"elementor-container elementor-column-gap-default\">\n\t\t\t\t\t<div class=\"elementor-column elementor-col-50 elementor-top-column elementor-element elementor-element-9684217\" data-id=\"9684217\" data-element_type=\"column\" data-e-type=\"column\">\n\t\t\t<div class=\"elementor-widget-wrap elementor-element-populated\">\n\t\t\t\t\t\t<div class=\"elementor-element elementor-element-43782fc8 elementor-widget elementor-widget-heading\" data-id=\"43782fc8\" data-element_type=\"widget\" data-e-type=\"widget\" data-widget_type=\"heading.default\">\n\t\t\t\t<div class=\"elementor-widget-container\">\n\t\t\t\t\t<h4 class=\"elementor-heading-title elementor-size-medium\">O naszych pasjach<\/h4>\t\t\t\t<\/div>\n\t\t\t\t<\/div>\n\t\t\t\t<div class=\"elementor-element elementor-element-3b3e031d elementor-widget elementor-widget-text-editor\" data-id=\"3b3e031d\" data-element_type=\"widget\" data-e-type=\"widget\" data-widget_type=\"text-editor.default\">\n\t\t\t\t<div class=\"elementor-widget-container\">\n\t\t\t\t\t\t\t\t\t<ul><li style=\"text-align: left;\"><span style=\"color: #000000;\">o malarstwie i fotografii jako przestrzeni do wyra\u017cania siebie,<\/span><\/li><li style=\"text-align: left;\"><span style=\"color: #000000;\">o zami\u0142owaniu do sztuki, kt\u00f3ra wype\u0142nia dni i lata wsp\u00f3lnego \u017cycia,<\/span><\/li><li style=\"text-align: left;\"><span style=\"color: #000000;\">o szukaniu prostoty <\/span><span style=\"color: #000000;\">w zawi\u0142o\u015bciach \u015bwiata.<\/span><\/li><\/ul>\t\t\t\t\t\t\t\t<\/div>\n\t\t\t\t<\/div>\n\t\t\t\t\t<\/div>\n\t\t<\/div>\n\t\t\t\t<div class=\"elementor-column elementor-col-50 elementor-top-column elementor-element elementor-element-cafdde8\" data-id=\"cafdde8\" data-element_type=\"column\" data-e-type=\"column\">\n\t\t\t<div class=\"elementor-widget-wrap elementor-element-populated\">\n\t\t\t\t\t\t<div class=\"elementor-element elementor-element-6964ce6c elementor-widget elementor-widget-image\" data-id=\"6964ce6c\" data-element_type=\"widget\" data-e-type=\"widget\" data-widget_type=\"image.default\">\n\t\t\t\t<div class=\"elementor-widget-container\">\n\t\t\t\t\t\t\t\t\t\t\t\t\t\t\t<img fetchpriority=\"high\" decoding=\"async\" width=\"460\" height=\"460\" src=\"https:\/\/jabrzezinscy.pl\/wp-content\/uploads\/2025\/11\/AgnieszkaJan-460x460.jpg\" class=\"attachment-woocommerce_thumbnail_2x size-woocommerce_thumbnail_2x wp-image-6327\" alt=\"\" srcset=\"https:\/\/jabrzezinscy.pl\/wp-content\/uploads\/2025\/11\/AgnieszkaJan-460x460.jpg 460w, https:\/\/jabrzezinscy.pl\/wp-content\/uploads\/2025\/11\/AgnieszkaJan-300x300.jpg 300w, https:\/\/jabrzezinscy.pl\/wp-content\/uploads\/2025\/11\/AgnieszkaJan-150x150.jpg 150w, https:\/\/jabrzezinscy.pl\/wp-content\/uploads\/2025\/11\/AgnieszkaJan-768x768.jpg 768w, https:\/\/jabrzezinscy.pl\/wp-content\/uploads\/2025\/11\/AgnieszkaJan-230x230.jpg 230w, https:\/\/jabrzezinscy.pl\/wp-content\/uploads\/2025\/11\/AgnieszkaJan-600x600.jpg 600w, https:\/\/jabrzezinscy.pl\/wp-content\/uploads\/2025\/11\/AgnieszkaJan-160x160.jpg 160w, https:\/\/jabrzezinscy.pl\/wp-content\/uploads\/2025\/11\/AgnieszkaJan.jpg 990w\" sizes=\"(max-width: 460px) 100vw, 460px\" \/>\t\t\t\t\t\t\t\t\t\t\t\t\t\t\t<\/div>\n\t\t\t\t<\/div>\n\t\t\t\t\t<\/div>\n\t\t<\/div>\n\t\t\t\t\t<\/div>\n\t\t<\/section>\n\t\t\t\t<section class=\"elementor-section elementor-top-section elementor-element elementor-element-be6644b elementor-section-boxed elementor-section-height-default elementor-section-height-default\" data-id=\"be6644b\" data-element_type=\"section\" data-e-type=\"section\" data-settings=\"{&quot;background_background&quot;:&quot;classic&quot;}\">\n\t\t\t\t\t\t<div class=\"elementor-container elementor-column-gap-no\">\n\t\t\t\t\t<div class=\"elementor-column elementor-col-100 elementor-top-column elementor-element elementor-element-6377151d\" data-id=\"6377151d\" data-element_type=\"column\" data-e-type=\"column\">\n\t\t\t<div class=\"elementor-widget-wrap elementor-element-populated\">\n\t\t\t\t\t\t<section class=\"elementor-section elementor-inner-section elementor-element elementor-element-7ef67023 elementor-section-boxed elementor-section-height-default elementor-section-height-default\" data-id=\"7ef67023\" data-element_type=\"section\" data-e-type=\"section\">\n\t\t\t\t\t\t<div class=\"elementor-container elementor-column-gap-default\">\n\t\t\t\t\t<div class=\"elementor-column elementor-col-50 elementor-inner-column elementor-element elementor-element-2739f3a8\" data-id=\"2739f3a8\" data-element_type=\"column\" data-e-type=\"column\">\n\t\t\t<div class=\"elementor-widget-wrap elementor-element-populated\">\n\t\t\t\t\t\t<div class=\"elementor-element elementor-element-7af5bbc6 elementor-widget elementor-widget-text-editor\" data-id=\"7af5bbc6\" data-element_type=\"widget\" data-e-type=\"widget\" data-widget_type=\"text-editor.default\">\n\t\t\t\t<div class=\"elementor-widget-container\">\n\t\t\t\t\t\t\t\t\t<p><span style=\"color: #000000;\"><strong>MALARSTWO<\/strong><\/span><\/p><p data-start=\"1526\" data-end=\"1864\"><span style=\"color: #000000;\">Ta historia zaczyna si\u0119 od kreski. Jako dziecko, pierwszego dnia w szkole, zosta\u0142am uderzona po r\u0119kach za to, \u017ce pisa\u0142am lew\u0105 r\u0119k\u0105 i za to, \u017ce moje kreski nie chcia\u0142y mie\u015bci\u0107 si\u0119 w szablonie. To do\u015bwiadczenie zapisa\u0142o si\u0119 w mojej pami\u0119ci na zawsze. Dzi\u015b maluj\u0119 wy\u0142\u0105cznie lew\u0105 r\u0119k\u0105. Kreska, kt\u00f3ra kiedy\u015b by\u0142a \u017ar\u00f3d\u0142em b\u00f3lu, sta\u0142a si\u0119 moim znakiem rozpoznawczym \u2013 pocz\u0105tkiem drogi tw\u00f3rczej.<\/span><\/p><p data-start=\"1866\" data-end=\"2160\"><span style=\"color: #000000;\">Moje obrazy s\u0105 zapisem emocji i relacji. Intensywne czerwienie, g\u0142\u0119bokie b\u0142\u0119kity, energetyczne pomara\u0144cze \u2013 dla mnie kolor nie jest dekoracj\u0105, lecz j\u0119zykiem. Ka\u017cda barwa symbolizuje wi\u0119zi i spotkania, a ca\u0142o\u015b\u0107 malarskiej kompozycji staje si\u0119 opowie\u015bci\u0105 o cz\u0142owieku w \u015bwiecie pe\u0142nym emocji.<\/span><\/p><p data-start=\"2162\" data-end=\"2387\"><span style=\"color: #000000;\">Postacie, kt\u00f3re przedstawiam, s\u0105 anonimowe, zwr\u00f3cone ty\u0142em do widza. Brak twarzy sprawia, \u017ce ka\u017cdy mo\u017ce odnale\u017a\u0107 w nich siebie. To uniwersalne figury \u2013 siostry, przyjaci\u00f3\u0142ki, partnerzy \u2013 zaproszenie do wsp\u00f3lnej kontemplacji.<\/span><\/p><p data-start=\"2389\" data-end=\"2623\"><span style=\"color: #000000;\">Minimalistyczna forma \u0142\u0105czy si\u0119 z ekspresj\u0105 koloru. Z jednej strony uproszczenie sylwetek, geometryzacja kszta\u0142t\u00f3w i redukcja detalu, z drugiej \u2013 intensywne kontrasty barwne, kt\u00f3re nios\u0105 ogromny \u0142adunek emocjonalny.<\/span><\/p><p data-start=\"2625\" data-end=\"2905\"><span style=\"color: #000000;\">Jestem osob\u0105 dynamiczn\u0105, pe\u0142n\u0105 \u017cycia, a moje obrazy oddaj\u0105 t\u0119 energi\u0119. Towarzyszy mi m\u0105\u017c, kt\u00f3ry wspiera mnie w tw\u00f3rczych poszukiwaniach. Razem idziemy drog\u0105 sztuki, odkrywaj\u0105c, \u017ce malarstwo jest nie tylko wyrazem artystycznym, lecz tak\u017ce sposobem budowania wsp\u00f3lnoty i relacji.<\/span><\/p><p data-start=\"2907\" data-end=\"3126\"><span style=\"color: #000000;\">Ca\u0142y cykl prac jest pami\u0119tnikiem \u2013 histori\u0105 przemienionego b\u00f3lu, si\u0142y kobieco\u015bci i znaczenia blisko\u015bci. To opowie\u015b\u0107 o tym, jak jedno dzieci\u0119ce do\u015bwiadczenie mog\u0142o zapocz\u0105tkowa\u0107 wieloletni\u0105 podr\u00f3\u017c przez sztuk\u0119 i \u017cycie.<\/span><\/p><p><span style=\"color: #000000;\">Moja tw\u00f3rczo\u015b\u0107 to historia kreski, kt\u00f3ra kiedy\u015b by\u0142a powodem b\u00f3lu, a dzi\u015b jest znakiem wolno\u015bci. To historia dziecka, kt\u00f3re nie chcia\u0142o rysowa\u0107 tak, jak kazano, i kobiety, kt\u00f3ra odwa\u017cy\u0142a si\u0119 p\u00f3j\u015b\u0107 w\u0142asn\u0105 drog\u0105. To tak\u017ce historia mi\u0142o\u015bci i wsparcia \u2013 bo za moj\u0105 sztuk\u0105 stoi r\u00f3wnie\u017c partnerstwo i wsp\u00f3lna droga w poszukiwaniu pi\u0119kna.<\/span><\/p><p><span style=\"color: #000000;\"><strong>Agnieszka Brzezi\u0144ska <\/strong>ur. 1975 roku w Wa\u0142brzychu. W latach 2014 &#8211; 2019 studiowa\u0142a na Wydziale Malarstwa Akademii Sztuk Pi\u0119knych im. Eugeniusza Geppertta we Wroc\u0142awiu, gdzie w 2019 roku otrzyma\u0142a zrealizowany pod kierunkiem profesora Janusza Merkla dyplom. Prace artystki prezentowane by\u0142y na wystawach indywidualnych i zbiorowych, a tak\u017ce znajduj\u0105 si\u0119 w zbiorach prywatnych. Artystka w 2017 roku zainicjowa\u0142a otwarcie Galerii Sztuki w poewangelickim ko\u015bciele w Ludwikowicach K\u0142.<\/span><\/p><p><span style=\"color: #000000;\">Artystka w pocz\u0105tkowej tw\u00f3rczo\u015bci uprawia malarstwo abstrakcyjne, przekszta\u0142caj\u0105c i upraszczaj\u0105c obserwowan\u0105 rzeczywisto\u015b\u0107. Esencja prac nie skupia si\u0119 na ich &#8222;znaczeniu&#8221; czy &#8222;rozumieniu&#8221;, ale na &#8222;odczuwaniu&#8221;, za\u015b temat jej bada\u0144 stanowi szeroko rozumiane poj\u0119cie warstw i struktur. Efektem tych dzia\u0142a\u0144 s\u0105 wielowarstwowe kompozycje, pozbawiona kszta\u0142t\u00f3w i figur, a przemawiaj\u0105ce jedynie struktur\u0105 i kolorem.\u00a0<\/span><\/p><p><span style=\"color: #000000;\">Od 2020 roku motywy abstrakcyjne ust\u0119puj\u0105 miejsca elementom malarstwa figuratywnego, a tematem przewodnim obok koloru staje si\u0119 posta\u0107 kobiety. Zamys\u0142em artystki jest przedstawienie jej w odpowiednich dla niej kolorach. Zmierza do tego by posta\u0107 z obrazu by\u0142a sp\u00f3jna z kolorem. Chc\u0105c to osi\u0105gn\u0105\u0107 kieruje si\u0119 intuicj\u0105, kt\u00f3ra pomaga jej dokona\u0107 trafnego wyboru palety kolor\u00f3w i eliminowa\u0107 zb\u0119dne elementy kompozycyjne. Cech\u0105 charakterystyczn\u0105 powstaj\u0105cych obraz\u00f3w jest to, \u017ce artystka zawsze przedstawia swoje bohaterki ty\u0142em z akcentem na ich plecy oraz w charakterystycznym okryciu g\u0142owy.\u00a0<\/span><\/p><p><span style=\"color: #000000;\"><strong>Wybrane dzia\u0142ania i wystawy:<\/strong><\/span><\/p><p><span style=\"color: #000000;\">2017 &#8211; Wystawa indywidualna w Miejskiej Bibliotece Publicznej w Szczawnie Zdr\u00f3j;<\/span><br \/><span style=\"color: #000000;\">2017 &#8211; Autorska ilustracja tomiku poezji Wies\u0142awy Raczkiewicz \u201ePoezja jest rudym kotem\u201d;<\/span><br \/><span style=\"color: #000000;\">2018 &#8211; Wystawa zbiorowa w Galerii Miejskiej w Brzegu Dolnym;<\/span><br \/><span style=\"color: #000000;\">2018 &#8211; Wystawa w Galerii Sztuki \u201eMozaika\u201d w Nowej Rudzie;<\/span><br \/><span style=\"color: #000000;\">2018 &#8211; Wystawa w zabytkowym poci\u0105gu \u201eZdrojowy\u201d;<\/span><br \/><span style=\"color: #000000;\">2018 &#8211; Wystawa zbiorowa w Galerii Sztuki Niezale\u017cnej w Ludwikowicach;<\/span><br \/><span style=\"color: #000000;\">2018 &#8211; Organizacja wystawy tw\u00f3rc\u00f3w malarstwa z Republiki Czeskiej, Ukrainy, \u0141otwy i Polski &#8211; Galeria Sztuki Niezale\u017cnej;<\/span><br \/><span style=\"color: #000000;\">2019 &#8211; Organizacja wystawa edukacyjna, Miko\u0142aj Kopernik &#8211; opowie\u015b\u0107 o \u017cyciu i dziele. Galeria Sztuki Niezale\u017cnej; <\/span><br \/><span style=\"color: #000000;\">2019 &#8211; Organizacja wystawa Grupy Ukrytej \u201e14&#215;14\u201d. Galeria Sztuki Niezale\u017cnej. ISBN 978-83-953989-1-9;<\/span><br \/><span style=\"color: #000000;\">2019 &#8211; Organizacja wystawa Miko\u0142aja Birka \u201ePod G\u00f3r\u0119\u201d. Galeria Sztuki Niezale\u017cnej. ISBN 978-83-953989-0-2;<\/span><br \/><span style=\"color: #000000;\">2019 &#8211; Organizacja wystawy Takisa Makandasisa, Galeria Sztuki NIezaleznej;<\/span><br \/><span style=\"color: #000000;\">2020 &#8211; Organizacja wystawy \u201eNa lwy by\u201d &#8211; ilustracji Magdaleny Wosik. Galeria Sztuki Niezale\u017cnej.<\/span><\/p><p><span style=\"color: #000000;\">2024 &#8211; Wystawa indywidualna w Galerii &#8222;Zdrojoteka&#8221; w Szczawnie Zdroju.<\/span><\/p><p><span style=\"color: #000000;\">2024 &#8211; Wystawa indywidualna podczas Festiwalu G\u00f3ry Literatury w Galerii Ludwikowice<\/span><\/p><p><span style=\"color: #000000;\">2025 &#8211; Wystawa indywidualna w <span class=\"html-span xdj266r x11i5rnm xat24cr x1mh8g0r xexx8yu x4uap5 x18d9i69 xkhd6sd x1hl2dhg x16tdsg8 x1vvkbs\">Miejskiej Bibliotece Publicznej im. C. K. Norwida w \u015awidnicy.<\/span><\/span><\/p><p><span style=\"color: #000000;\">2025 &#8211; Wystawa zbiorowa w Pa\u0142acu Jedlinka w Jedlinie Zdroju.<\/span><\/p><p>Agnieszka Brzezi\u0144ska, born in 1975 in Wa\u0142brzych, Poland, is a notable painter known for her work in abstract and figurative art. Initially focused on abstract forms, her style evolved over time, integrating elements of figurative painting, often emphasizing the female form with vibrant, simplified compositions. A graduate of the Academy of Fine Arts in Wroc\u0142aw, Brzezi\u0144ska has exhibited in various Polish cities and co-founded an art gallery in Ludwikowice K\u0142odzkie. Her recent works, including the \u201cSisters\u201d series, explore themes of structure, color, and human forms.<\/p>\t\t\t\t\t\t\t\t<\/div>\n\t\t\t\t<\/div>\n\t\t\t\t\t<\/div>\n\t\t<\/div>\n\t\t\t\t<div class=\"elementor-column elementor-col-50 elementor-inner-column elementor-element elementor-element-65b9360a\" data-id=\"65b9360a\" data-element_type=\"column\" data-e-type=\"column\">\n\t\t\t<div class=\"elementor-widget-wrap elementor-element-populated\">\n\t\t\t\t\t\t<div class=\"elementor-element elementor-element-6b713fac elementor-widget elementor-widget-text-editor\" data-id=\"6b713fac\" data-element_type=\"widget\" data-e-type=\"widget\" data-widget_type=\"text-editor.default\">\n\t\t\t\t<div class=\"elementor-widget-container\">\n\t\t\t\t\t\t\t\t\t<p><span style=\"color: #000000;\"><strong>FOTOGRAFIA<\/strong><\/span><\/p><p><span style=\"color: #000000;\"><em>Najwa\u017cniejsz\u0105 inspiracj\u0105 dla mojej fotografii jest &#8211; czas. Jakby nie spojrze\u0107 wszystko mu podlega, fotografuj\u0105c ludzi, miejsca, wydarzenia, zatrzymujemy je, \u015bwiadomie szukamy jedynie momentu. Opr\u00f3cz tre\u015bci, kt\u00f3ra stawia sobie w centrum cz\u0142owieka i jego najbli\u017csze \u015brodowisko, staram si\u0119 tak\u017ce wyr\u00f3\u017cni\u0107 zdj\u0119cia ich klimatem.\u00a0<\/em><\/span><\/p><p><span style=\"color: #000000;\"><strong>Jan Brzezi\u0144ski<\/strong> urodzony w 1968 w Zblewie (woj. pomorskie) w latach 1989-1994 studiowa\u0142 teologi\u0119 na Papieskim Wydziale Teologicznym we Wroc\u0142awiu. Od zawsze zwi\u0105zany z o\u015bwiat\u0105 jako nauczyciel teologii, informatyki i fotografii. Ukierunkowany na cz\u0142owieka, problem jego doczesno\u015bci i wieczno\u015bci. Nosz\u0105cy silne przekonanie o potrzebie ci\u0105g\u0142ego rozwoju osoby ludzkiej w my\u015bl s\u0142\u00f3w <em>&#8222;pi\u0119kny jest byt posiadaj\u0105cy harmonijn\u0105 struktur\u0119, ale w pe\u0142ni pi\u0119kny jest ten byt, kt\u00f3ry si\u0119 rozwija, zmienia, ewoluuje, d\u0105\u017cy ku swojej pe\u0142ni, ku doskona\u0142o\u015bci na swoj\u0105 miar\u0119&#8221; (S. Zamboni).<\/em> Fotografia w takim kontek\u015bcie nie stanowi ju\u017c tylko prywatnej pasji, ale staje si\u0119 form\u0105 wyrazu my\u015bli, pr\u00f3b\u0105 obrazowania s\u0142owa.Obszar zainteresowa\u0144 zawsze zwi\u0105zany jest z cz\u0142owiekiem i jego \u015brodowiskiem. Od prostych krajobraz\u00f3w jako obrazu pi\u0119kna i bogactwa naszego domu, a jednocze\u015bnie drog\u0119 poznania Boga <em>&#8222;bo \u00a0z wielko\u015bci i pi\u0119kna stworze\u0144 poznaje si\u0119 przez podobie\u0144stwo ich Stw\u00f3rc\u0119&#8221; Mdr 13,5.\u00a0<\/em> Przez fotografi\u0119 portretow\u0105 i to na ka\u017cdym etapie ludzkiego \u017cycia, od dziecka po staro\u015b\u0107. A\u017c po fotografi\u0119 reporta\u017cow\u0105, pokazuj\u0105c\u0105 funkcjonowanie cz\u0142owieka w spo\u0142ecze\u0144stwie, jego wytwory pozostaj\u0105ce w s\u0142u\u017cbie cz\u0142owiekowi i dzia\u0142ania go degraduj\u0105ce. \u015awiadom jednak si\u0142y symboliki cz\u0119sto si\u0119ga po fotografi\u0119 nieoczywist\u0105, tak w tre\u015bci jak i w formie.<\/span><\/p><p><span style=\"color: #000000;\"><strong>Wybrane dzia\u0142ania i wystawy<\/strong><\/span><\/p><p><span style=\"color: #000000;\">Fotorelacje z wydarze\u0144 kulturalnych i sportowych.<\/span><br \/><span style=\"color: #000000;\">Sesje fotograficzne do kalendarzy, wybor\u00f3w samorz\u0105dowych, okoliczno\u015bciowe.<\/span><br \/><span style=\"color: #000000;\">Sesja fotograficzna do projektu &#8222;Aktywno\u015b\u0107 Seniora wydobywa jego pi\u0119kno&#8221;.<\/span><br \/><span style=\"color: #000000;\">Realizacja polsko-czeskiego projektu &#8222;Pi\u0119kno Karkonoszy i G\u00f3r Sowich.<\/span><br \/><span style=\"color: #000000;\">Wystawy fotograficzne:<\/span><br \/><span style=\"color: #000000;\">2017 &#8211;\u00a0Wystawa zbiorowa poplenerowa w Galerii sztuki &#8222;Mozaika&#8221; w Nowej Rudzie.<\/span><br \/><span style=\"color: #000000;\">2018 &#8211; Sta\u0142a wystawa zdj\u0119\u0107 w Galerii Sztuki Niezale\u017cnej w Ludwikowicach K\u0142odzkich.<\/span><br \/><span style=\"color: #000000;\">2019 &#8211; Polsko &#8211; czeska wystawa zbiorowa pt: &#8222;Pogranicze polsko-czeskie&#8221;.<\/span><br \/><span style=\"color: #000000;\">2019 &#8211; Wystawa &#8222;Pi\u0119kno Karkonoszy i G\u00f3r Sowich&#8221; w Galerii Ludwikowice.<\/span><br \/><span style=\"color: #000000;\">2019 &#8211; Wystawa\u00a0 &#8222;Kr\u00e1sy Krkono\u0161 a Sov\u00edch hor\u201d w Galerii Celnice\/ Mala Upa<\/span><\/p>\t\t\t\t\t\t\t\t<\/div>\n\t\t\t\t<\/div>\n\t\t\t\t\t<\/div>\n\t\t<\/div>\n\t\t\t\t\t<\/div>\n\t\t<\/section>\n\t\t\t\t<div class=\"elementor-element elementor-element-2759f56 elementor-widget-divider--view-line elementor-widget elementor-widget-divider\" data-id=\"2759f56\" data-element_type=\"widget\" data-e-type=\"widget\" data-widget_type=\"divider.default\">\n\t\t\t\t<div class=\"elementor-widget-container\">\n\t\t\t\t\t\t\t<div class=\"elementor-divider\">\n\t\t\t<span class=\"elementor-divider-separator\">\n\t\t\t\t\t\t<\/span>\n\t\t<\/div>\n\t\t\t\t\t\t<\/div>\n\t\t\t\t<\/div>\n\t\t\t\t\t<\/div>\n\t\t<\/div>\n\t\t\t\t\t<\/div>\n\t\t<\/section>\n\t\t\t\t<section class=\"elementor-section elementor-top-section elementor-element elementor-element-9906547 elementor-section-boxed elementor-section-height-default elementor-section-height-default\" data-id=\"9906547\" data-element_type=\"section\" data-e-type=\"section\">\n\t\t\t\t\t\t<div class=\"elementor-container elementor-column-gap-default\">\n\t\t\t\t\t<div class=\"elementor-column elementor-col-100 elementor-top-column elementor-element elementor-element-41a39f8\" data-id=\"41a39f8\" data-element_type=\"column\" data-e-type=\"column\">\n\t\t\t<div class=\"elementor-widget-wrap elementor-element-populated\">\n\t\t\t\t\t\t<div class=\"elementor-element elementor-element-3b0dded elementor-widget elementor-widget-image\" data-id=\"3b0dded\" data-element_type=\"widget\" data-e-type=\"widget\" data-widget_type=\"image.default\">\n\t\t\t\t<div class=\"elementor-widget-container\">\n\t\t\t\t\t\t\t\t\t\t\t\t\t\t\t\t<a href=\"https:\/\/jabrzezinscy.pl\/wp-content\/uploads\/2024\/07\/Brzezinscy.jpg\" data-elementor-open-lightbox=\"yes\" data-elementor-lightbox-title=\"Brzezinscy\" data-e-action-hash=\"#elementor-action%3Aaction%3Dlightbox%26settings%3DeyJpZCI6NTQ0OCwidXJsIjoiaHR0cHM6XC9cL2phYnJ6ZXppbnNjeS5wbFwvd3AtY29udGVudFwvdXBsb2Fkc1wvMjAyNFwvMDdcL0JyemV6aW5zY3kud2VicCJ9\">\n\t\t\t\t\t\t\t<img decoding=\"async\" width=\"750\" height=\"999\" src=\"https:\/\/jabrzezinscy.pl\/wp-content\/uploads\/2024\/07\/Brzezinscy.webp\" class=\"attachment-large size-large wp-image-5448\" alt=\"\" \/>\t\t\t\t\t\t\t\t<\/a>\n\t\t\t\t\t\t\t\t\t\t\t\t\t\t\t<\/div>\n\t\t\t\t<\/div>\n\t\t\t\t\t<\/div>\n\t\t<\/div>\n\t\t\t\t\t<\/div>\n\t\t<\/section>\n\t\t\t\t<section class=\"elementor-section elementor-top-section elementor-element elementor-element-df14bd7 elementor-section-boxed elementor-section-height-default elementor-section-height-default\" data-id=\"df14bd7\" data-element_type=\"section\" data-e-type=\"section\">\n\t\t\t\t\t\t<div class=\"elementor-container elementor-column-gap-default\">\n\t\t\t\t\t<div class=\"elementor-column elementor-col-100 elementor-top-column elementor-element elementor-element-56e4c96\" data-id=\"56e4c96\" data-element_type=\"column\" data-e-type=\"column\">\n\t\t\t<div class=\"elementor-widget-wrap elementor-element-populated\">\n\t\t\t\t\t\t<div class=\"elementor-element elementor-element-51253dc elementor-widget elementor-widget-heading\" data-id=\"51253dc\" data-element_type=\"widget\" data-e-type=\"widget\" data-widget_type=\"heading.default\">\n\t\t\t\t<div class=\"elementor-widget-container\">\n\t\t\t\t\t<h2 class=\"elementor-heading-title elementor-size-default\">Sprzeda\u017c aukcyjna<\/h2>\t\t\t\t<\/div>\n\t\t\t\t<\/div>\n\t\t\t\t<div class=\"elementor-element elementor-element-4119d54 elementor-widget elementor-widget-text-editor\" data-id=\"4119d54\" data-element_type=\"widget\" data-e-type=\"widget\" data-widget_type=\"text-editor.default\">\n\t\t\t\t<div class=\"elementor-widget-container\">\n\t\t\t\t\t\t\t\t\t<p style=\"text-align: center;\"><span>Od 2020 roku obrazy Agnieszki Brzezi\u0144skiej systematycznie sprzedawane s\u0105 na aukcjach w wiod\u0105cych Domach Aukcyjnych w Polsce min.:<\/span><\/p>\t\t\t\t\t\t\t\t<\/div>\n\t\t\t\t<\/div>\n\t\t\t\t\t<\/div>\n\t\t<\/div>\n\t\t\t\t\t<\/div>\n\t\t<\/section>\n\t\t\t\t<section class=\"elementor-section elementor-top-section elementor-element elementor-element-260c17b elementor-section-boxed elementor-section-height-default elementor-section-height-default\" data-id=\"260c17b\" data-element_type=\"section\" data-e-type=\"section\">\n\t\t\t\t\t\t<div class=\"elementor-container elementor-column-gap-default\">\n\t\t\t\t\t<div class=\"elementor-column elementor-col-50 elementor-top-column elementor-element elementor-element-ba10a55\" data-id=\"ba10a55\" data-element_type=\"column\" data-e-type=\"column\">\n\t\t\t<div class=\"elementor-widget-wrap elementor-element-populated\">\n\t\t\t\t\t\t<div class=\"elementor-element elementor-element-4dfac2e elementor-align-center elementor-widget elementor-widget-button\" data-id=\"4dfac2e\" data-element_type=\"widget\" data-e-type=\"widget\" data-widget_type=\"button.default\">\n\t\t\t\t<div class=\"elementor-widget-container\">\n\t\t\t\t\t\t\t\t\t<div class=\"elementor-button-wrapper\">\n\t\t\t\t\t<a class=\"elementor-button elementor-button-link elementor-size-sm\" href=\"https:\/\/artinfo.pl\/artysci\/agnieszka-brzezinska\/archiwum\" target=\"_blank\" rel=\"noopener\">\n\t\t\t\t\t\t<span class=\"elementor-button-content-wrapper\">\n\t\t\t\t\t\t\t\t\t<span class=\"elementor-button-text\">Artinfo.pl<\/span>\n\t\t\t\t\t<\/span>\n\t\t\t\t\t<\/a>\n\t\t\t\t<\/div>\n\t\t\t\t\t\t\t\t<\/div>\n\t\t\t\t<\/div>\n\t\t\t\t\t<\/div>\n\t\t<\/div>\n\t\t\t\t<div class=\"elementor-column elementor-col-50 elementor-top-column elementor-element elementor-element-23880f1\" data-id=\"23880f1\" data-element_type=\"column\" data-e-type=\"column\">\n\t\t\t<div class=\"elementor-widget-wrap elementor-element-populated\">\n\t\t\t\t\t\t<div class=\"elementor-element elementor-element-7799407 elementor-align-center elementor-widget elementor-widget-button\" data-id=\"7799407\" data-element_type=\"widget\" data-e-type=\"widget\" data-widget_type=\"button.default\">\n\t\t\t\t<div class=\"elementor-widget-container\">\n\t\t\t\t\t\t\t\t\t<div class=\"elementor-button-wrapper\">\n\t\t\t\t\t<a class=\"elementor-button elementor-button-link elementor-size-sm\" href=\"https:\/\/onebid.pl\/pl\/artist\/aukcja\/Agnieszka-Brzezinska\/1\" target=\"_blank\" rel=\"noopener\">\n\t\t\t\t\t\t<span class=\"elementor-button-content-wrapper\">\n\t\t\t\t\t\t\t\t\t<span class=\"elementor-button-text\">Onebid.pl<\/span>\n\t\t\t\t\t<\/span>\n\t\t\t\t\t<\/a>\n\t\t\t\t<\/div>\n\t\t\t\t\t\t\t\t<\/div>\n\t\t\t\t<\/div>\n\t\t\t\t\t<\/div>\n\t\t<\/div>\n\t\t\t\t\t<\/div>\n\t\t<\/section>\n\t\t\t\t<section class=\"elementor-section elementor-top-section elementor-element elementor-element-e067024 elementor-section-boxed elementor-section-height-default elementor-section-height-default\" data-id=\"e067024\" data-element_type=\"section\" data-e-type=\"section\" data-settings=\"{&quot;background_background&quot;:&quot;classic&quot;}\">\n\t\t\t\t\t\t<div class=\"elementor-container elementor-column-gap-default\">\n\t\t\t\t\t<div class=\"elementor-column elementor-col-20 elementor-top-column elementor-element elementor-element-80f1204\" data-id=\"80f1204\" data-element_type=\"column\" data-e-type=\"column\">\n\t\t\t<div class=\"elementor-widget-wrap elementor-element-populated\">\n\t\t\t\t\t\t<div class=\"elementor-element elementor-element-af4025f elementor-widget elementor-widget-image\" data-id=\"af4025f\" data-element_type=\"widget\" data-e-type=\"widget\" data-widget_type=\"image.default\">\n\t\t\t\t<div class=\"elementor-widget-container\">\n\t\t\t\t\t\t\t\t\t\t\t\t\t\t\t<img decoding=\"async\" width=\"265\" height=\"126\" src=\"https:\/\/jabrzezinscy.pl\/wp-content\/uploads\/2022\/11\/desa.jpg\" class=\"attachment-large size-large wp-image-4836\" alt=\"\" \/>\t\t\t\t\t\t\t\t\t\t\t\t\t\t\t<\/div>\n\t\t\t\t<\/div>\n\t\t\t\t\t<\/div>\n\t\t<\/div>\n\t\t\t\t<div class=\"elementor-column elementor-col-20 elementor-top-column elementor-element elementor-element-4398df2\" data-id=\"4398df2\" data-element_type=\"column\" data-e-type=\"column\">\n\t\t\t<div class=\"elementor-widget-wrap elementor-element-populated\">\n\t\t\t\t\t\t<div class=\"elementor-element elementor-element-5ecae5c elementor-widget elementor-widget-image\" data-id=\"5ecae5c\" data-element_type=\"widget\" data-e-type=\"widget\" data-widget_type=\"image.default\">\n\t\t\t\t<div class=\"elementor-widget-container\">\n\t\t\t\t\t\t\t\t\t\t\t\t\t\t\t<img loading=\"lazy\" decoding=\"async\" width=\"249\" height=\"127\" src=\"https:\/\/jabrzezinscy.pl\/wp-content\/uploads\/2022\/11\/rempex.jpg\" class=\"attachment-large size-large wp-image-4838\" alt=\"\" \/>\t\t\t\t\t\t\t\t\t\t\t\t\t\t\t<\/div>\n\t\t\t\t<\/div>\n\t\t\t\t\t<\/div>\n\t\t<\/div>\n\t\t\t\t<div class=\"elementor-column elementor-col-20 elementor-top-column elementor-element elementor-element-72be1bf\" data-id=\"72be1bf\" data-element_type=\"column\" data-e-type=\"column\">\n\t\t\t<div class=\"elementor-widget-wrap elementor-element-populated\">\n\t\t\t\t\t\t<div class=\"elementor-element elementor-element-9691c75 elementor-widget elementor-widget-image\" data-id=\"9691c75\" data-element_type=\"widget\" data-e-type=\"widget\" data-widget_type=\"image.default\">\n\t\t\t\t<div class=\"elementor-widget-container\">\n\t\t\t\t\t\t\t\t\t\t\t\t\t\t\t<img loading=\"lazy\" decoding=\"async\" width=\"171\" height=\"96\" src=\"https:\/\/jabrzezinscy.pl\/wp-content\/uploads\/2022\/11\/mda.jpg\" class=\"attachment-large size-large wp-image-4839\" alt=\"\" \/>\t\t\t\t\t\t\t\t\t\t\t\t\t\t\t<\/div>\n\t\t\t\t<\/div>\n\t\t\t\t\t<\/div>\n\t\t<\/div>\n\t\t\t\t<div class=\"elementor-column elementor-col-20 elementor-top-column elementor-element elementor-element-e7e12ae\" data-id=\"e7e12ae\" data-element_type=\"column\" data-e-type=\"column\">\n\t\t\t<div class=\"elementor-widget-wrap elementor-element-populated\">\n\t\t\t\t\t\t<div class=\"elementor-element elementor-element-ddcaedf elementor-widget elementor-widget-image\" data-id=\"ddcaedf\" data-element_type=\"widget\" data-e-type=\"widget\" data-widget_type=\"image.default\">\n\t\t\t\t<div class=\"elementor-widget-container\">\n\t\t\t\t\t\t\t\t\t\t\t\t\t\t\t<img loading=\"lazy\" decoding=\"async\" width=\"193\" height=\"111\" src=\"https:\/\/jabrzezinscy.pl\/wp-content\/uploads\/2022\/11\/dial.jpg\" class=\"attachment-large size-large wp-image-4834\" alt=\"\" \/>\t\t\t\t\t\t\t\t\t\t\t\t\t\t\t<\/div>\n\t\t\t\t<\/div>\n\t\t\t\t\t<\/div>\n\t\t<\/div>\n\t\t\t\t<div class=\"elementor-column elementor-col-20 elementor-top-column elementor-element elementor-element-d172827\" data-id=\"d172827\" data-element_type=\"column\" data-e-type=\"column\">\n\t\t\t<div class=\"elementor-widget-wrap elementor-element-populated\">\n\t\t\t\t\t\t<div class=\"elementor-element elementor-element-f4ba1a3 elementor-widget elementor-widget-image\" data-id=\"f4ba1a3\" data-element_type=\"widget\" data-e-type=\"widget\" data-widget_type=\"image.default\">\n\t\t\t\t<div class=\"elementor-widget-container\">\n\t\t\t\t\t\t\t\t\t\t\t\t\t\t\t<img loading=\"lazy\" decoding=\"async\" width=\"394\" height=\"109\" src=\"https:\/\/jabrzezinscy.pl\/wp-content\/uploads\/2022\/11\/next.jpg\" class=\"attachment-large size-large wp-image-4837\" alt=\"\" srcset=\"https:\/\/jabrzezinscy.pl\/wp-content\/uploads\/2022\/11\/next.jpg 394w, https:\/\/jabrzezinscy.pl\/wp-content\/uploads\/2022\/11\/next-300x83.jpg 300w, https:\/\/jabrzezinscy.pl\/wp-content\/uploads\/2022\/11\/next-280x77.jpg 280w\" sizes=\"(max-width: 394px) 100vw, 394px\" \/>\t\t\t\t\t\t\t\t\t\t\t\t\t\t\t<\/div>\n\t\t\t\t<\/div>\n\t\t\t\t\t<\/div>\n\t\t<\/div>\n\t\t\t\t\t<\/div>\n\t\t<\/section>\n\t\t\t\t<section class=\"elementor-section elementor-top-section elementor-element elementor-element-329e6a0 elementor-section-boxed elementor-section-height-default elementor-section-height-default\" data-id=\"329e6a0\" data-element_type=\"section\" data-e-type=\"section\" data-settings=\"{&quot;background_background&quot;:&quot;classic&quot;}\">\n\t\t\t\t\t\t<div class=\"elementor-container elementor-column-gap-default\">\n\t\t\t\t\t<div class=\"elementor-column elementor-col-33 elementor-top-column elementor-element elementor-element-47a5019\" data-id=\"47a5019\" data-element_type=\"column\" data-e-type=\"column\">\n\t\t\t<div class=\"elementor-widget-wrap elementor-element-populated\">\n\t\t\t\t\t\t<div class=\"elementor-element elementor-element-c1e8a08 elementor-widget elementor-widget-image\" data-id=\"c1e8a08\" data-element_type=\"widget\" data-e-type=\"widget\" data-widget_type=\"image.default\">\n\t\t\t\t<div class=\"elementor-widget-container\">\n\t\t\t\t\t\t\t\t\t\t\t\t\t\t\t<img loading=\"lazy\" decoding=\"async\" width=\"244\" height=\"94\" src=\"https:\/\/jabrzezinscy.pl\/wp-content\/uploads\/2022\/11\/artinfo.jpg\" class=\"attachment-large size-large wp-image-4842\" alt=\"\" \/>\t\t\t\t\t\t\t\t\t\t\t\t\t\t\t<\/div>\n\t\t\t\t<\/div>\n\t\t\t\t\t<\/div>\n\t\t<\/div>\n\t\t\t\t<div class=\"elementor-column elementor-col-33 elementor-top-column elementor-element elementor-element-893f65d\" data-id=\"893f65d\" data-element_type=\"column\" data-e-type=\"column\">\n\t\t\t<div class=\"elementor-widget-wrap elementor-element-populated\">\n\t\t\t\t\t\t<div class=\"elementor-element elementor-element-5fb2920 elementor-widget elementor-widget-image\" data-id=\"5fb2920\" data-element_type=\"widget\" data-e-type=\"widget\" data-widget_type=\"image.default\">\n\t\t\t\t<div class=\"elementor-widget-container\">\n\t\t\t\t\t\t\t\t\t\t\t\t\t\t\t<img loading=\"lazy\" decoding=\"async\" width=\"562\" height=\"512\" src=\"https:\/\/jabrzezinscy.pl\/wp-content\/uploads\/2022\/11\/artinhaus.jpg\" class=\"attachment-medium_large size-medium_large wp-image-4841\" alt=\"\" srcset=\"https:\/\/jabrzezinscy.pl\/wp-content\/uploads\/2022\/11\/artinhaus.jpg 562w, https:\/\/jabrzezinscy.pl\/wp-content\/uploads\/2022\/11\/artinhaus-300x273.jpg 300w, https:\/\/jabrzezinscy.pl\/wp-content\/uploads\/2022\/11\/artinhaus-176x160.jpg 176w\" sizes=\"(max-width: 562px) 100vw, 562px\" \/>\t\t\t\t\t\t\t\t\t\t\t\t\t\t\t<\/div>\n\t\t\t\t<\/div>\n\t\t\t\t\t<\/div>\n\t\t<\/div>\n\t\t\t\t<div class=\"elementor-column elementor-col-33 elementor-top-column elementor-element elementor-element-5f0a995\" data-id=\"5f0a995\" data-element_type=\"column\" data-e-type=\"column\">\n\t\t\t<div class=\"elementor-widget-wrap elementor-element-populated\">\n\t\t\t\t\t\t<div class=\"elementor-element elementor-element-7e7310c elementor-widget elementor-widget-image\" data-id=\"7e7310c\" data-element_type=\"widget\" data-e-type=\"widget\" data-widget_type=\"image.default\">\n\t\t\t\t<div class=\"elementor-widget-container\">\n\t\t\t\t\t\t\t\t\t\t\t\t\t\t\t<img loading=\"lazy\" decoding=\"async\" width=\"228\" height=\"112\" src=\"https:\/\/jabrzezinscy.pl\/wp-content\/uploads\/2022\/11\/101.jpg\" class=\"attachment-large size-large wp-image-4835\" alt=\"\" \/>\t\t\t\t\t\t\t\t\t\t\t\t\t\t\t<\/div>\n\t\t\t\t<\/div>\n\t\t\t\t\t<\/div>\n\t\t<\/div>\n\t\t\t\t\t<\/div>\n\t\t<\/section>\n\t\t\t\t<\/div>\n\t\t","protected":false},"excerpt":{"rendered":"<p>O naszych pasjach o malarstwie i fotografii jako przestrzeni do wyra\u017cania siebie, o zami\u0142owaniu do sztuki, kt\u00f3ra wype\u0142nia dni i lata wsp\u00f3lnego \u017cycia, o szukaniu prostoty w zawi\u0142o\u015bciach \u015bwiata. MALARSTWO Ta historia zaczyna si\u0119 od kreski. Jako dziecko, pierwszego dnia w szkole, zosta\u0142am uderzona po r\u0119kach za to, \u017ce pisa\u0142am [&hellip;]<\/p>\n","protected":false},"author":2,"featured_media":0,"parent":0,"menu_order":0,"comment_status":"closed","ping_status":"closed","template":"elementor_header_footer","meta":{"footnotes":""},"class_list":["post-696","page","type-page","status-publish","hentry"],"_links":{"self":[{"href":"https:\/\/jabrzezinscy.pl\/index.php?rest_route=\/wp\/v2\/pages\/696","targetHints":{"allow":["GET"]}}],"collection":[{"href":"https:\/\/jabrzezinscy.pl\/index.php?rest_route=\/wp\/v2\/pages"}],"about":[{"href":"https:\/\/jabrzezinscy.pl\/index.php?rest_route=\/wp\/v2\/types\/page"}],"author":[{"embeddable":true,"href":"https:\/\/jabrzezinscy.pl\/index.php?rest_route=\/wp\/v2\/users\/2"}],"replies":[{"embeddable":true,"href":"https:\/\/jabrzezinscy.pl\/index.php?rest_route=%2Fwp%2Fv2%2Fcomments&post=696"}],"version-history":[{"count":83,"href":"https:\/\/jabrzezinscy.pl\/index.php?rest_route=\/wp\/v2\/pages\/696\/revisions"}],"predecessor-version":[{"id":6332,"href":"https:\/\/jabrzezinscy.pl\/index.php?rest_route=\/wp\/v2\/pages\/696\/revisions\/6332"}],"wp:attachment":[{"href":"https:\/\/jabrzezinscy.pl\/index.php?rest_route=%2Fwp%2Fv2%2Fmedia&parent=696"}],"curies":[{"name":"wp","href":"https:\/\/api.w.org\/{rel}","templated":true}]}}